{"id":78,"date":"2014-10-08T09:15:37","date_gmt":"2014-10-08T08:15:37","guid":{"rendered":"http:\/\/rroma.sommer.support\/?page_id=78"},"modified":"2024-12-17T10:37:14","modified_gmt":"2024-12-17T09:37:14","slug":"present-days","status":"publish","type":"page","link":"https:\/\/rroma.org\/fr\/roma-history\/present-days\/","title":{"rendered":"Histoire r\u00e9cente"},"content":{"rendered":"<p>Entre 1989 et 1991, le communisme s'est \u00e9croul\u00e9 dans toute l'Europe de l'Est. La d\u00e9mocratie est apparue, dirig\u00e9e par des gens qui \u00e9taient pour la plupart d'abord communistes. Les Roms ont d\u00fb faire face \u00e0 de nouveaux probl\u00e8mes difficiles. Le travail \u00e9tant le plus important. <\/p>\n\n\n\n<p>Les Roms ont perdu leur emploi quand les grandes usines et fermes d'\u00c9tat ont ferm\u00e9. Beaucoup de gens \u00e9taient (et sont) au ch\u00f4mage, pas seulement des Roms, mais leur situation est plus difficile car beaucoup \u00e9taient peu qualifi\u00e9s. <\/p>\n\n\n\n<p>Cette p\u00e9riode a \u00e9galement vu la mont\u00e9e de l'extr\u00e9misme politique, du nationalisme et du chauvinisme et surtout de la haine envers les \u00e9trangers. Les attitudes anti-Roms sont en hausse dans les anciens \u00c9tats communistes. Les Roms sont battus ou m\u00eame assassin\u00e9s, leurs maisons incendi\u00e9es. Ces \u00e9v\u00e9nements se produisent dans toute l'Europe de l'Est, de la Russie et de la Pologne aux r\u00e9publiques tch\u00e8que et slovaque, en passant par la Hongrie, la Roumanie et la Bulgarie.<\/p>\n\n\n\n<h3 class=\"wp-block-heading\">Probl\u00e8mes \u00e9conomiques<\/h3>\n\n\n\n<p>La combinaison de la perte d'emplois, de l'augmentation du racisme anti-Rom et d'une mauvaise \u00e9ducation a effectivement laiss\u00e9 les Roms \u00e0 l'\u00e9cart du boom post-communiste en Europe de l'Est. Beaucoup sont au ch\u00f4mage depuis la chute du communisme et vivent des aides sociales accord\u00e9es par l'\u00c9tat.<\/p>\n\n\n\n<figure class=\"wp-block-image size-large\"><img loading=\"lazy\" decoding=\"async\" width=\"1024\" height=\"683\" src=\"https:\/\/rroma.org\/wp-content\/uploads\/2024\/12\/CA3C9C3F-7D81-4A0A-A490-66B34F4617AE_w1080_r0_s-1024x683.jpg\" alt=\"\" class=\"wp-image-26176\" srcset=\"https:\/\/rroma.org\/wp-content\/uploads\/2024\/12\/CA3C9C3F-7D81-4A0A-A490-66B34F4617AE_w1080_r0_s-1024x683.jpg 1024w, https:\/\/rroma.org\/wp-content\/uploads\/2024\/12\/CA3C9C3F-7D81-4A0A-A490-66B34F4617AE_w1080_r0_s-300x200.jpg 300w, https:\/\/rroma.org\/wp-content\/uploads\/2024\/12\/CA3C9C3F-7D81-4A0A-A490-66B34F4617AE_w1080_r0_s-768x512.jpg 768w, https:\/\/rroma.org\/wp-content\/uploads\/2024\/12\/CA3C9C3F-7D81-4A0A-A490-66B34F4617AE_w1080_r0_s-18x12.jpg 18w, https:\/\/rroma.org\/wp-content\/uploads\/2024\/12\/CA3C9C3F-7D81-4A0A-A490-66B34F4617AE_w1080_r0_s-624x416.jpg 624w, https:\/\/rroma.org\/wp-content\/uploads\/2024\/12\/CA3C9C3F-7D81-4A0A-A490-66B34F4617AE_w1080_r0_s-272x182.jpg 272w, https:\/\/rroma.org\/wp-content\/uploads\/2024\/12\/CA3C9C3F-7D81-4A0A-A490-66B34F4617AE_w1080_r0_s.jpg 1080w\" sizes=\"auto, (max-width: 1024px) 100vw, 1024px\" \/><figcaption class=\"wp-element-caption\">Quartier rom en Slovaquie<\/figcaption><\/figure>\n\n\n\n<p>Ce ch\u00f4mage et cette pauvret\u00e9, en particulier dans la r\u00e9gion des Carpates, associ\u00e9s \u00e0 une s\u00e9gr\u00e9gation accrue au sein des communaut\u00e9s et \u00e0 une \u00e9ducation m\u00e9diocre ont de facto coup\u00e9 de nombreux Roms d'Europe centrale de la vie active, et ce pendant plusieurs g\u00e9n\u00e9rations. <\/p>\n\n\n\n<p>La situation \u00e9conomique difficile, ainsi que le racisme et les actes anti-Roms, ont pouss\u00e9 de nombreux Roms \u00e0 fuir vers les pays d'Europe occidentale. De nombreux Roms roumains, tch\u00e8ques, slovaques et bulgares sont arriv\u00e9s en Allemagne, en Suisse et dans d'autres pays occidentaux riches.<\/p>\n\n\n\n<p>La plupart d'entre eux \u00e9taient (et sont) des immigrants ill\u00e9gaux ou des r\u00e9fugi\u00e9s. Ils cherchaient quelque chose \u00e0 faire, un travail, un mode de vie mais beaucoup d'entre eux n'ont pas trouv\u00e9 de vie meilleure que celle qu'ils avaient laiss\u00e9e. <\/p>\n\n\n\n<h3 class=\"wp-block-heading\">Partitions de pays<\/h3>\n\n\n\n<p>Les Roms d'Europe de l'Est \u00e9taient confront\u00e9s \u00e0 un autre probl\u00e8me difficile. Dans les r\u00e9publiques tch\u00e8que et slovaque, dans les \u00c9tats baltes, les autorit\u00e9s n'ont pas voulu accorder aux Roms la nouvelle citoyennet\u00e9. La situation dans l'ex-Tch\u00e9coslovaquie \u00e9tait la pire. La Seconde Guerre mondiale a vu tous les Roms tch\u00e8ques d\u00e9port\u00e9s et tu\u00e9s dans des camps de concentration. Pour les remplacer, les Roms slovaques sont partis travailler comme ouvriers non qualifi\u00e9s dans les grandes usines tch\u00e8ques, laissant les Roms au ch\u00f4mage apr\u00e8s leur fermeture.<\/p>\n\n\n\n<p>Lors de la partition, les autorit\u00e9s tch\u00e8ques n'ont pas accord\u00e9 la nationalit\u00e9 tch\u00e8que aux Roms, pr\u00e9tendant qu'ils \u00e9taient slovaques. Mais la nouvelle r\u00e9publique slovaque s'est montr\u00e9e peu dispos\u00e9e \u00e0 les reprendre, ils \u00e9taient donc apatrides. Cela s'est r\u00e9solu apr\u00e8s quelques ann\u00e9es. <\/p>\n\n\n\n<h3 class=\"wp-block-heading\">Nettoyage ethnique<\/h3>\n\n\n\n<p>L'\u00e9clatement de la Yougoslavie a vu les pires abus contre les Roms, en particulier en Bosnie et au Kosovo. L\u00e0, toutes les parties impliqu\u00e9es se sont engag\u00e9es dans un nettoyage ethnique contre les Roms, conduisant \u00e0 une disparition presque totale de ces communaut\u00e9s roms, dont certaines avaient plus de mille ans.<\/p>\n\n\n\n<h4 class=\"wp-block-heading\">Bosnie<\/h4>\n\n\n\n<p>La guerre de Bosnie avec son nationalisme s'est av\u00e9r\u00e9e presque fatale aux Roms. Les Roms n'ont trouv\u00e9 aucune place parmi les trois principaux groupes \u00ab ethniques \u00bb que sont les Bosniaques, les Croates et les Serbes. Il convient de noter que cette division est en grande partie religieuse et non ethnique. Les quartiers roms ont \u00e9t\u00e9 d\u00e9truits par toutes les parties et les Roms ont \u00e9t\u00e9 contraints de fuir, \u00e0 l'int\u00e9rieur du pays mais aussi au-del\u00e0.<\/p>\n\n\n\n<figure class=\"wp-block-image size-large\"><img decoding=\"async\" src=\"https:\/\/rroma.org\/wp-content\/uploads\/2015\/01\/Houses-in-Doboj.jpeg\" alt=\"\"\/><figcaption class=\"wp-element-caption\">Doboj - le quartier Rom<\/figcaption><\/figure>\n\n\n\n<p>Bien qu'ils ne soient plus contraints de fuir, les Roms n'ont toujours pas leur place dans un \u00c9tat d\u00e9fini selon des crit\u00e8res ethniques.<\/p>\n\n\n\n<h4 class=\"wp-block-heading\">Kosovo<\/h4>\n\n\n\n<p>Contrairement \u00e0 la Bosnie, la situation au Kosovo \u00e9tait totalement diff\u00e9rente. Les Roms \u00e9taient bien int\u00e9gr\u00e9s dans le tissu social, faisant effectivement partie de la classe moyenne, en particulier dans des villes comme Prizren. Les Roms autochtones, les Arlii et les Bugurd\u017ei, ainsi que des groupes tels que les \u00c9gyptiens et les Ashkali, des Roms qui ont largement perdu leurs Romanes, se sont rang\u00e9s du c\u00f4t\u00e9 des Albanais. Seuls quelques Gurbeti, \u00e0 l'origine valaques roms, se sont rang\u00e9s du c\u00f4t\u00e9 des Serbes.<\/p>\n\n\n\n<p>Ainsi, de nombreux Roms ont perdu leur emploi, comme les Albanais lorsque Milosevic a tent\u00e9 d'assurer l'emprise serbe sur le Kosovo. Beaucoup ont fui avec les Albanais \u00e0 cette \u00e9poque. De nombreux Roms ont soutenu l'UCK albanaise lorsque la guerre a \u00e9clat\u00e9 et ont \u00e9t\u00e9 choqu\u00e9s lorsqu'apr\u00e8s l'intervention de l'OTAN, ils ont \u00e9t\u00e9 expuls\u00e9s du Kosovo et leurs biens saisis.<\/p>\n\n\n\n<figure class=\"wp-block-image size-full\"><img loading=\"lazy\" decoding=\"async\" width=\"830\" height=\"622\" src=\"https:\/\/rroma.org\/wp-content\/uploads\/2015\/01\/Be-Tolerant.jpeg\" alt=\"\" class=\"wp-image-833\" srcset=\"https:\/\/rroma.org\/wp-content\/uploads\/2015\/01\/Be-Tolerant.jpeg 830w, https:\/\/rroma.org\/wp-content\/uploads\/2015\/01\/Be-Tolerant-300x225.jpeg 300w, https:\/\/rroma.org\/wp-content\/uploads\/2015\/01\/Be-Tolerant-624x468.jpeg 624w, https:\/\/rroma.org\/wp-content\/uploads\/2015\/01\/Be-Tolerant-266x200.jpeg 266w\" sizes=\"auto, (max-width: 830px) 100vw, 830px\" \/><figcaption class=\"wp-element-caption\">Soyez tol\u00e9rant<\/figcaption><\/figure>\n\n\n\n<p>Aujourd'hui, il n'y a plus qu'une fraction des Roms d'origine au Kosovo. La plupart ayant fui et se \u00e9tant install\u00e9s ailleurs, beaucoup d'entre eux vivant en Suisse et en Allemagne.<\/p>\n\n\n\n<h3 class=\"wp-block-heading\">Une autre forme de nettoyage ethnique<\/h3>\n\n\n\n<p>Une forme plus pernicieuse de nettoyage ethnique a \u00e9t\u00e9 mise en place dans de nombreux pays. Selon les autorit\u00e9s, les quartiers roms sont tout simplement ill\u00e9gaux, car ils n'ont jamais \u00e9t\u00e9 officiellement enregistr\u00e9s. Les maisons n'ont pas de permis de construire, les rues n'existent pas. Cela permet aux autorit\u00e9s de d\u00e9truire des \"b\u00e2timents ill\u00e9gaux\" sans proc\u00e9der officiellement \u00e0 un nettoyage ethnique. <\/p>\n\n\n\n<p>Cette m\u00e9thode a \u00e9t\u00e9 utilis\u00e9e partout mais s'est r\u00e9pandue en Bulgarie, m\u00eame si les colonies y sont document\u00e9es depuis longtemps. <\/p>\n\n\n\n<h3 class=\"wp-block-heading\">Nationalisme et populisme<\/h3>\n\n\n\n<p>La mont\u00e9e des partis populistes et nationalistes depuis le d\u00e9but des ann\u00e9es 1990 a \u00e9t\u00e9 spectaculaire. Pour n'en citer que quelques-uns : AfD en Allemagne ; Front National (maintenant Rassemblement National) en France\u00a0; Lega en Italie ; Jobbik et autres en Hongrie, m\u00eame la Fides d'Orban ; la parti de Kotleba en Slovaquie\u00a0; etc.<\/p>\n\n\n\n<p>Tous ces partis s'accordent sur une chose : les Roms ne sont pas europ\u00e9ens et sont une nuisance. Ils ne font que voler et mendier, et il faut faire quelque chose \u00e0 leur sujet. Cette propagande a d\u00e9j\u00e0 eu des cons\u00e9quences tr\u00e8s n\u00e9gatives. Des Roms ont \u00e9t\u00e9 tu\u00e9s, comme en Hongrie, battus dans de nombreux pays, et les attitudes de la population en g\u00e9n\u00e9ral se sont d\u00e9finitivement retourn\u00e9es contre les Roms. <\/p>\n\n\n\n<h3 class=\"wp-block-heading\">Racisme<\/h3>\n\n\n\n<p>Penser que le racisme est principalement concentr\u00e9 en Europe de l'Est est une erreur. Le racisme institutionnel contre les Roms est r\u00e9pandu dans tous les pays europ\u00e9ens. La police, les services sociaux, l'administration ont tous des pr\u00e9jug\u00e9s contre les Roms. La liste des exemples est presque infinie. Le racisme contre les Roms n'est toujours pas reconnu en tant que tel et de nombreuses d\u00e9clarations faites \u00e0 leur sujet seraient tout simplement inacceptables si elles \u00e9taient faites \u00e0 propos d'une autre minorit\u00e9. <\/p>\n\n\n\n<h3 class=\"wp-block-heading\">La guerre en Ukraine<\/h3>\n\n\n\n<p>Cette ann\u00e9e, la Russie a envahi l'Ukraine. Cela n'a pas \u00e9t\u00e9 bon pour les Roms non plus. Beaucoup ont d\u00fb fuir et beaucoup ont \u00e9t\u00e9 confront\u00e9s au racisme. Lisez notre <a href=\"https:\/\/rroma.org\/fr\/foundation-reports\/roma-in-the-ukraine\/\">rapport<\/a> sur les Roms en Ukraine. <\/p>\n\n\n\n<p><\/p>","protected":false},"excerpt":{"rendered":"<p>Between 1989 and 1991, communism fell all over Eastern Europe. Democracy appeared, led by people who were for the most [&hellip;]<\/p>\n","protected":false},"author":1,"featured_media":26179,"parent":62,"menu_order":65,"comment_status":"closed","ping_status":"closed","template":"","meta":{"_exactmetrics_skip_tracking":false,"_exactmetrics_sitenote_active":false,"_exactmetrics_sitenote_note":"","_exactmetrics_sitenote_category":0,"footnotes":""},"class_list":["post-78","page","type-page","status-publish","has-post-thumbnail","hentry"],"fifu_image_url":"https:\/\/gdb.rferl.org\/CA3C9C3F-7D81-4A0A-A490-66B34F4617AE_w1080_r0_s.jpg","_links":{"self":[{"href":"https:\/\/rroma.org\/fr\/wp-json\/wp\/v2\/pages\/78","targetHints":{"allow":["GET"]}}],"collection":[{"href":"https:\/\/rroma.org\/fr\/wp-json\/wp\/v2\/pages"}],"about":[{"href":"https:\/\/rroma.org\/fr\/wp-json\/wp\/v2\/types\/page"}],"author":[{"embeddable":true,"href":"https:\/\/rroma.org\/fr\/wp-json\/wp\/v2\/users\/1"}],"replies":[{"embeddable":true,"href":"https:\/\/rroma.org\/fr\/wp-json\/wp\/v2\/comments?post=78"}],"version-history":[{"count":13,"href":"https:\/\/rroma.org\/fr\/wp-json\/wp\/v2\/pages\/78\/revisions"}],"predecessor-version":[{"id":26178,"href":"https:\/\/rroma.org\/fr\/wp-json\/wp\/v2\/pages\/78\/revisions\/26178"}],"up":[{"embeddable":true,"href":"https:\/\/rroma.org\/fr\/wp-json\/wp\/v2\/pages\/62"}],"wp:featuredmedia":[{"embeddable":true,"href":"https:\/\/rroma.org\/fr\/wp-json\/wp\/v2\/media\/26179"}],"wp:attachment":[{"href":"https:\/\/rroma.org\/fr\/wp-json\/wp\/v2\/media?parent=78"}],"curies":[{"name":"wp","href":"https:\/\/api.w.org\/{rel}","templated":true}]}}