{"id":87,"date":"2014-10-08T09:17:35","date_gmt":"2014-10-08T09:17:35","guid":{"rendered":"http:\/\/rroma.sommer.support\/?page_id=87"},"modified":"2024-12-17T11:06:57","modified_gmt":"2024-12-17T10:06:57","slug":"questions-answers","status":"publish","type":"page","link":"https:\/\/rroma.org\/fr\/questions-answers\/","title":{"rendered":"Questions - R\u00e9ponses"},"content":{"rendered":"<p>Quand on parle des Roms ou quand on lit un texte sur eux, on se retrouve toujours et encore confront\u00e9 \u00e0 de nombreux clich\u00e9s et \u00ab v\u00e9rit\u00e9s \u00bb qui n\u2019ont que peu de relations avec la r\u00e9alit\u00e9. Cette s\u00e9rie de questions et r\u00e9ponses adresse les questions et clich\u00e9s les plus communs.<\/p>\n\n\n\n<h4 class=\"wp-block-heading\">La signification de Rom<\/h4>\n\n\n\n<p>Roma est parfois traduit par \u00ab \u00eatre humain \u00bb. Ceci est incorrect, car le terme correspondant en romanes (et en sanskrit) est manu\u0161. Rom, avec le pluriel de \u00ab Roma \u00bb signifie \u00ab homme \u00bb et aussi \u00ab mari  \u00bb. La forme f\u00e9minine est Romni, avec le pluriel de \u00ab Romnja \u00bb,  et signifie \u00ab femme \u00bb et \u00ab \u00e9pouse \u00bb. L'utilisation fran\u00e7aise tr\u00e8s cons\u00e9quente de \u00ab Roms \u00bb au pluriel est donc incorrecte tout comme l'est parfois l'utilisation allemande de \u00ab Romas \u00bb au lieu de simplement \u00ab Roma \u00bb. <\/p>\n\n\n\n<h4 class=\"wp-block-heading\"><strong>Sinti et Roms<\/strong><\/h4>\n\n\n\n<p>Surtout dans les pays germaniques, le nom de \"Sinti et Rom\" s'est impos\u00e9. Cela revient \u00e0 dire \u00ab parisien et fran\u00e7ais \u00bb ou \u00ab londonien et anglais \u00bb, car les Sintis sont des Roms. Demandez \u00e0 un Sinto quelle langue il parle, il dira \"Romanes\" dans la plupart des cas, demandez-lui comment il appelle sa femme et il dira \"Romni\". De plus, les Sinti de Pologne se font appeler les Roms allemands (Sasytke Roma). Le nom Sinti lui-m\u00eame est r\u00e9cent car au 19\u00e8me\u00a0si\u00e8cle, les Sinti s'appelaient Kale (noir). Cette appellation est n\u00e9e apr\u00e8s la Seconde Guerre mondiale avec l'afflux de Roms d'Europe de l'Est en Allemagne. Les Sinti, les locaux ont commenc\u00e9 \u00e0 les diff\u00e9rencier des autres, des \u00ab Roms \u00bb en g\u00e9n\u00e9ral.<\/p>\n\n\n\n<h4 class=\"wp-block-heading\">Tous les Roms viennent-ils de Roumanie?<\/h4>\n\n\n\n<p>Surtout dans les r\u00e9gions francophones, il y a souvent une confusion que tous les Roms sont originaires de Roumanie. Ce n'est bien s\u00fbr pas le cas. Mais les Sinti dans les regions germaniques et les Manouches dans les r\u00e9gions francophones utilisent \u00ab\u00a0Rom\u00a0\u00bb pour d\u00e9signer les Roms valaques, c'est-\u00e0-dire les Roms originaires de Roumanie.<\/p>\n\n\n\n<h4 class=\"wp-block-heading\"><strong>Pourquoi Rroma avec deux \u00ab R \u00bb&nbsp;<\/strong><\/h4>\n\n\n\n<p>Roma peut en fait \u00eatre \u00e9crit avec un ou deux R. Dans certains dialectes, cela se prononce diff\u00e9remment. Et \u00e0 l'origine, ce \"Rr\" \u00e9tait le D r\u00e9troflexe du sanskrit, qui s'est transform\u00e9 phon\u00e9tiquement en R. Ainsi, avec un ou deux R, les deux sont des options valides.<\/p>\n\n\n\n<h4 class=\"wp-block-heading\"><strong>Combien y a-t-il de Roms ?<\/strong>&nbsp;<\/h4>\n\n\n\n<p>Il y a entre 10 et 12 millions de Roms au total. Comme il n'existe pas de statistiques fiables dans de nombreux pays et que de nombreux Roms ne veulent pas se d\u00e9clarer comme tels, il est difficile de dire avec plus de pr\u00e9cision combien ils sont.<\/p>\n\n\n\n<h4 class=\"wp-block-heading\"><strong>LEs Roms sont-ils des \u00ab gens du voyage \u00bb ?<\/strong>&nbsp;<\/h4>\n\n\n\n<p>Non. Seule une infime partie de la population rom totale voyageait. En fait, dans les Balkans, ils se sont install\u00e9s d\u00e8s leur arriv\u00e9e. Ce n'est qu'en Europe de l'Ouest et du Nord que les Roms ont \u00e9t\u00e9 contraints de facto de voyager, car ils n'\u00e9taient pas autoris\u00e9s \u00e0 s'installer.<\/p>\n\n\n\n<h4 class=\"wp-block-heading\"><strong>Les Roms sont-ils nomades ?<\/strong>&nbsp;<\/h4>\n\n\n\n<p>Non, m\u00eame les quelques Roms qui voyagent ont toujours une base fixe. Ils voyageaient \u00e0 cause de leur travail (marchands de chevaux, chaudronniers) de villages en villages, mais avaient toujours une maison.<\/p>\n\n\n\n<h4 class=\"wp-block-heading\"><strong>Tous les \u00ab gens du voyage \u00bb sont-ils des Roms?<\/strong>&nbsp;<\/h4>\n\n\n\n<p>Non. Beaucoup des gens du voyage ne sont pas des Roms. Par exemple, les Jenische dans les pays germaniques, les Tinkers en Irlande. On oublie souvent que beaucoup de gens en Europe voyageaient de ville en ville en qu\u00eate de travail. Certains de ces gens sont les anc\u00eatres des gens du voyage en Europe aujourd\u2019hui.<\/p>\n\n\n\n<h4 class=\"wp-block-heading\"><strong>Tous les Roms volent et mendient<\/strong>&nbsp;<\/h4>\n\n\n\n<p>Un classique en Europe de l\u2019Ouest ! Si tous les Roms ne faisaient que voler et mendier, cela se verrait certainement plus : dix \u00e0 douze millions de voleurs \u2026 On ne peut pas nier que certains volent et mendient. Ce sont ceux qu\u2019on voit, qui sont toujours cit\u00e9s dans la presse. Tous les autres Roms sont mis dans le m\u00eame panier. C\u2019est comme si l\u2019on disait que \u00ab tous les Allemands sont des nazis \u00bb ou que \u00ab tous les Anglais sont alcooliques et des hooligans \u00bb ou encore que \u00ab tous les italiens sont des mafiosi \u00bb. Qui oserait tenir de pareils propos ?<\/p>\n\n\n\n<h4 class=\"wp-block-heading\"><strong>Les Roms sont sales<\/strong><\/h4>\n\n\n\n<p>Les images habituelles de ghettos, de \u00abfavellas\u00bb, d'enfants courant dans la boue, etc. ont contribu\u00e9 \u00e0 la vue g\u00e9n\u00e9rale selon laquelle les Roms sont intrins\u00e8quement sales. En fait, le contraire est plut\u00f4t la norme. La propret\u00e9 est l'une des r\u00e8gles les plus importantes chez les Roms, et m\u00eame dans certaines des pires favellas, on peut presque manger par terre dans la plupart des maisons roms.<\/p>\n\n\n\n<h4 class=\"wp-block-heading\"><strong>Les Roms volent les enfants<\/strong><\/h4>\n\n\n\n<p>On disait \u00e7a des Juifs au Moyen Age. Mais exactement comme pour les Juifs, les Roms pr\u00e9f\u00e8rent faire  eux-m\u00eames leurs enfants. Ce mythe a peut-\u00eatre pour origine le fait qu\u2019il y a souvent des gens a peau et cheveux clairs chez les Roms.<\/p>\n\n\n\n<h4 class=\"wp-block-heading\"><strong>Les Roms ont beaucoup d'enfants \u2013 Leur population augmente rapidement<\/strong><\/h4>\n\n\n\n<p>La famille Roms typique n\u2019a ni plus ni moins d\u2019enfants que la population g\u00e9n\u00e9rale. Il y a bien sur des grandes familles avec 5 ou 6 enfants, mais ce n\u2019est pas la norme. Dans des r\u00e9gions comme la Bulgarie, le Kosovo ou la Mac\u00e9doine ou l\u2019on a des statistiques exactes depuis le 16esi\u00e8cle, le pourcentage de Roms dans la population est rest\u00e9 constant. Ils ont toujours repr\u00e9sent\u00e9 de 10 \u00e0 15% de la population de ces r\u00e9gions. Dans d\u2019autres pays comme la Slovaquie, l\u2019Hongrie ou la Roumanie, ils ont plus d\u2019enfants. C\u2019est plus par raison sociale que par un trait \u00ab Roms \u00bb qu\u2019ils n\u2019ont pas encore chang\u00e9s et ont plus d\u2019enfants que le reste de la population.<\/p>\n\n\n\n<h4 class=\"wp-block-heading\"><strong>Les Roms ne se sont jamais ou n'ont jamais voulu s'int\u00e9grer<\/strong><\/h4>\n\n\n\n<p>Faux dans les deux cas. Partout dans les Balkans, les Roms \u00e9taient bien int\u00e9gr\u00e9s. Si bien, en fait, c'\u00e9taient des bourgeois et des artisans. Ils ont eu des emplois d'agriculteurs, d'avocats, de m\u00e9decins, d'enseignants, de boulangers, de policiers, de juges, etc. depuis que des documents existent dans ces r\u00e9gions. Donc, partout o\u00f9 on leur en a donn\u00e9 la chance, ils se sont bien int\u00e9gr\u00e9s, tout en gardant leur propre culture. Ce n'est que dans les endroits o\u00f9 ils ont \u00e9t\u00e9 s\u00e9gr\u00e9gu\u00e9s de force, comme en Europe occidentale, en Roumanie (avec l'esclavage), dans l'Empire austro-hongrois, que cette int\u00e9gration a \u00e9chou\u00e9. Pas \u00e0 cause des Roms eux-m\u00eames, mais plut\u00f4t \u00e0 cause des politiques qui ont \u00e9t\u00e9 inflig\u00e9es aux Roms.<\/p>\n\n\n\n<h4 class=\"wp-block-heading\"><strong>Si on est int\u00e9gr\u00e9, peut-on \u00eatre Rom ?<\/strong>&nbsp;<\/h4>\n\n\n\n<p>Integrated doesn\u2019t necessarily mean one has to loose one\u2019s identity. In Europe, since the 19th&nbsp;century, there has been a tendency to think that a country is equal to a unique culture, language, and even ethnic appurtenance. Europe was never like this before, and there are minorities. One can integrate, live a regular life, all the while keeping a different language at home. Would anybody ask the same question about Jews?<\/p>\n\n\n\n<h4 class=\"wp-block-heading\"><strong>Les Roms n'ont pas d'\u00e9ducation \u2013 Ils ne savent ni lire ni \u00e9crire<\/strong>&nbsp;<\/h4>\n\n\n\n<p>Comme Rom ont est si souvent confront\u00e9 \u00e0 la question \u00ab savez vous lire et \u00e9crire \u00bb que s\u2019en est presque p\u00e9nible. Fait est que 10% des Roms ont fini leurs \u00e9tudes. Ce n\u2019est pas suffisant, mais c\u2019est mieux que certains pays europ\u00e9ens. L\u2019\u00e9ducation est un des plus grands probl\u00e8mes pour les Roms aujourd\u2019hui. Dans quelques pays, la plupart ex-communiste, on a mis et on continue \u00e0 mettre les Roms dans des \u00e9coles sp\u00e9ciales, des \u00e9coles pour retard\u00e9s mentaux, et on leur \u00e0 donc d\u00e9ni\u00e9 sciemment leur droit \u00e0 l\u2019\u00e9ducation.<\/p>\n\n\n\n<h4 class=\"wp-block-heading\"><strong>Les Roms ne sont pas des Europ\u00e9ens, ce sont des \u00e9trangers<\/strong>&nbsp;<\/h4>\n\n\n\n<p>Faux ! Les Roms sont d\u2019origine indienne, mais il ne faut pas oublier que les slaves viennent de l\u2019Alta\u00ef et sont arriv\u00e9s au 5e si\u00e8cle, les hongrois (Magyars) au 9e de l\u2019Asie centrale, les allemands du nord de l\u2019Europe au 3e etc. Pratiquement tous les Europ\u00e9ens sont d\u2019origines non europ\u00e9ennes ! Fait est que les Roms sont une minorit\u00e9 transnationale europ\u00e9enne. Ils sont europ\u00e9ens et l\u2019ont toujours \u00e9t\u00e9. Leur culture et identit\u00e9 se sont cr\u00e9es en Europe et pendant des si\u00e8cles, ils n\u2019yjamais eu de Roms en dehors de l\u2019Europe. Apr\u00e8s mille deux cent ans en Europe, qui peut dire qu\u2019ils ne sont pas europ\u00e9ens ?<\/p>\n\n\n\n<h4 class=\"wp-block-heading\"><strong>Les Roms sont un probl\u00e8me social<\/strong>&nbsp;<\/h4>\n\n\n\n<p>C'est maintenant la norme dans de nombreux pays. Plut\u00f4t que de reconna\u00eetre un probl\u00e8me de minorit\u00e9 et de discrimination, de nombreux gouvernements et, h\u00e9las, des ONG qualifient le probl\u00e8me des Roms de social. Les justifications sont simples : faible niveau d'\u00e9ducation, faible taux d'emploi, pauvret\u00e9, criminalit\u00e9, etc. On nie en fait pourquoi, \u00e0 savoir la discrimination end\u00e9mique, les pr\u00e9jug\u00e9s, etc. en faisant de la question de l'int\u00e9gration des Roms une question purement sociale.<\/p>","protected":false},"excerpt":{"rendered":"<p>When hearing about Roma, when reading about them, a wealth of clich\u00e9s, generally accepted \u201ctruths\u201d and statements are always present. [&hellip;]<\/p>\n","protected":false},"author":1,"featured_media":26208,"parent":0,"menu_order":59,"comment_status":"closed","ping_status":"closed","template":"","meta":{"_exactmetrics_skip_tracking":false,"_exactmetrics_sitenote_active":false,"_exactmetrics_sitenote_note":"","_exactmetrics_sitenote_category":0,"footnotes":""},"class_list":["post-87","page","type-page","status-publish","has-post-thumbnail","hentry"],"fifu_image_url":"https:\/\/rroma.org\/wp-content\/uploads\/2014\/10\/qanda.jpg","_links":{"self":[{"href":"https:\/\/rroma.org\/fr\/wp-json\/wp\/v2\/pages\/87","targetHints":{"allow":["GET"]}}],"collection":[{"href":"https:\/\/rroma.org\/fr\/wp-json\/wp\/v2\/pages"}],"about":[{"href":"https:\/\/rroma.org\/fr\/wp-json\/wp\/v2\/types\/page"}],"author":[{"embeddable":true,"href":"https:\/\/rroma.org\/fr\/wp-json\/wp\/v2\/users\/1"}],"replies":[{"embeddable":true,"href":"https:\/\/rroma.org\/fr\/wp-json\/wp\/v2\/comments?post=87"}],"version-history":[{"count":16,"href":"https:\/\/rroma.org\/fr\/wp-json\/wp\/v2\/pages\/87\/revisions"}],"predecessor-version":[{"id":17661,"href":"https:\/\/rroma.org\/fr\/wp-json\/wp\/v2\/pages\/87\/revisions\/17661"}],"wp:featuredmedia":[{"embeddable":true,"href":"https:\/\/rroma.org\/fr\/wp-json\/wp\/v2\/media\/26208"}],"wp:attachment":[{"href":"https:\/\/rroma.org\/fr\/wp-json\/wp\/v2\/media?parent=87"}],"curies":[{"name":"wp","href":"https:\/\/api.w.org\/{rel}","templated":true}]}}